{"id":964,"date":"2023-03-07T14:15:19","date_gmt":"2023-03-07T13:15:19","guid":{"rendered":"https:\/\/cappellamediterranea.com\/cappella-mediterranea\/"},"modified":"2026-04-01T13:36:59","modified_gmt":"2026-04-01T11:36:59","slug":"cappella-mediterranea","status":"publish","type":"page","link":"https:\/\/cappellamediterranea.com\/en\/cappella-mediterranea\/","title":{"rendered":"Cappella Mediterranea"},"content":{"rendered":"    \n                    <section class=\"container titre-simple\">\n                <p style=\"text-align: center\">Discover<\/p>\n<h1 style=\"text-align: center\"><span style=\"color: #3e84c3\">Cappella Mediterranea<\/span><\/h1>\n            <\/section>\n        \n    \n\n\n\n<section class=\"container gallerie \">\n    <div class=\"row-1\">\n        <div class=\"elem-content elem-1 galerie-active\" data-galerie=\"galerie-1\" content-dl\" style=\"background-image:url('https:\/\/cappellamediterranea.com\/wp-content\/uploads\/Pasion-argentina-St-Denis_cElio-Lesouef-Cappella-Mediterranea_DSC05366-1.jpg');\">\n            <div>\n                <span class=\"link-default link-download\"><\/span>\n            <\/div>\n        <\/div>\n        <div class=\"elem-content elem-2 \" data-galerie=\"galerie-2\" content-dl\" style=\"background-image:url('https:\/\/cappellamediterranea.com\/wp-content\/uploads\/2023\/03\/image-6-1.png');\">\n            <div>\n                <span class=\"link-default link-download\"><\/span>\n            <\/div>\n        <\/div>\n        <div class=\"elem-content elem-3 \" data-galerie=\"galerie-3\" content-dl\" style=\"background-image:url('https:\/\/cappellamediterranea.com\/wp-content\/uploads\/13062023_Pasion-argentina-St-Denis_cFrancois-de-Maleissye-Cappella-Mediterranea_DSC05968.jpg');\">\n        <\/div>\n        <!-- <div class=\"elem-content elem-3 elem-galerie-image-3 \" data-galerie=\"galerie-3\" \" style=\"background-image:url('');\">\n        <\/div> -->\n        <div class=\"elem-content elem-4 elem-galerie-image-4\">\n            Founded in 2005 by Argentine conductor Leonardo Garc\u00eda Alarc\u00f3n, Cappella Mediterranea has swiftly become the leading Baroque ensemble in the world. Driven by the insatiable curiosity of its conductor, the ensemble constantly seeks to broaden its horizons with a wide range of repertoire.                    <\/div>\n        <div class=\"elem-content elem-5 \" data-galerie=\"galerie-4\" content-dl\" style=\"background-image:url('https:\/\/cappellamediterranea.com\/wp-content\/uploads\/02122022_Finta-pazza_Versailles_cFrancois-de-Maleissye-CappellaMediterranea_DSC06624.jpg');\">\n            <div>\n                <span class=\"link-default link-download\"><\/span>\n            <\/div>\n        <\/div>\n        <div class=\"elem-content elem-6 galerie-active\" data-galerie=\"galerie-5\" content-dl\" style=\"background-image:url('https:\/\/cappellamediterranea.com\/wp-content\/uploads\/APS_L1190049.jpg');\">\n            <div>\n                <span class=\"link-default link-download\"><\/span>\n            <\/div>\n        <\/div>\n                <div class=\"elem-content elem-7 \" data-galerie=\"galerie-6\" content-dl\" style=\"background-image:url('https:\/\/cappellamediterranea.com\/wp-content\/uploads\/2023\/03\/image-2.png');\">\n            <div>\n                <span class=\"link-default link-download\"><\/span>\n            <\/div>\n        <\/div>\n    <\/div>\n        <div class=\"row-2\" style=\"--data-color:#89dfeb\">\n        <div class=\"elem-1\">\n                        <img decoding=\"async\" class=\"img-thumbnail\" loading=\"lazy\" src=\"https:\/\/img.youtube.com\/vi\/piLcWTP9ywU\/maxresdefault.jpg\" alt=\"\">\n            <div class=\"laucnh-video\">\n                <img decoding=\"async\" loading=\"lazy\" class=\"video-banner-icon-play\" alt=\"Play Video\" src=\"data:image\/svg+xml;base64,PD94bWwgdmVyc2lvbj0iMS4wIiBlbmNvZGluZz0iVVRGLTgiPz4KPHN2ZyAKCXZlcnNpb249IjEuMSIgCgl4bWxucz0iaHR0cDovL3d3dy53My5vcmcvMjAwMC9zdmciIAoJeG1sbnM6eGxpbms9Imh0dHA6Ly93d3cudzMub3JnLzE5OTkveGxpbmsiCgl4PSIwIgoJeT0iMCIKCXZpZXdCb3g9IjAgMCA3MiA3MiIgCglzdHlsZT0iZW5hYmxlLWJhY2tncm91bmQ6bmV3IDAgMCA3MiA3MjsiIAoJeG1sOnNwYWNlPSJwcmVzZXJ2ZSIgCgl3aWR0aD0iIiAKCWhlaWdodD0iIiAKPgogICAgICAgIDxwYXRoIGQ9Ik0zNiw3MiBDNTUuOSw3MiA3Miw1NS45IDcyLDM2IEM3MiwxNi4xIDU1LjksMCAzNiwwIEMxNi4xLDAgMCwxNi4xIDAsMzYgQzAsNTUuOSAxNi4xLDcyIDM2LDcyIFogTTM2LDggQzUxLjQsOCA2NCwyMC42IDY0LDM2IEM2NCw1MS40IDUxLjQsNjQgMzYsNjQgQzIwLjYsNjQgOCw1MS40IDgsMzYgQzgsMjAuNiAyMC42LDggMzYsOCBaIiBpZD0iU2hhcGUiIGZpbGw9IiNGRkZGRkYiIGZpbGwtcnVsZT0ibm9uemVybyI+PC9wYXRoPgogICAgICAgIDxwYXRoIGQ9Ik0yNiw1MS43IEMyNi4zLDUxLjkgMjYuNyw1MiAyNyw1MiBDMjcuMyw1MiAyNy43LDUxLjkgMjgsNTEuNyBMNTIsMzcuNyBDNTIuNiwzNy4zIDUzLDM2LjcgNTMsMzYgQzUzLDM1LjMgNTIuNiwzNC42IDUyLDM0LjMgTDI4LDIwLjMgQzI3LjQsMTkuOSAyNi42LDE5LjkgMjYsMjAuMyBDMjUuNCwyMC43IDI1LDIxLjMgMjUsMjIgTDI1LDUwIEMyNSw1MC43IDI1LjQsNTEuNCAyNiw1MS43IFoiIGlkPSJTaGFwZSIgZmlsbD0iI0ZGRkZGRiIgZmlsbC1ydWxlPSJub256ZXJvIj48L3BhdGg+Cjwvc3ZnPg==\">\n            <\/div>\n            <div id=\"video-modal\" class=\"video-modal\">\n                <iframe loading=\"lazy\" id=\"youtube\" width=\"100%\" height=\"100%\" frameborder=\"0\" allowfullscreen src=\"https:\/\/www.youtube.com\/embed\/piLcWTP9ywU?&amp;autoplay=0&#038;control\"><\/iframe>\n            <\/div>\n        <\/div>\n        <div class=\"elem-2\">\n            <h2>LEONARDO GARC\u00cdA-ALARC\u00d3N<\/h2>\r\nAs the founder and artistic director of Cappella Mediterranea, the Argentine conductor is always inciting his musicians to embark on a passionate exploration of all kinds of music, from baroque to contemporary, and even tango.\r\n        <\/div>\n    <\/div>\n    <\/section>\n\n<div class=\"full-bg-galerie\"><\/div>\n            <section class=\"galerie-image galerie-1\">\n\n                <div class=\"header-close\">\n                    <div class=\"btn-close\"><\/div>\n                <\/div>\n                <div class=\"swiper-gallerie galerie-image-1\" id=\"lg-swipper\">\n                    <div class=\"swiper-wrapper\">\n                                                    <div class=\"swiper-slide\">\n                                <img decoding=\"async\" src=\"https:\/\/cappellamediterranea.com\/wp-content\/uploads\/Pasion-argentina-St-Denis_cElio-Lesouef-Cappella-Mediterranea_DSC05366-scaled.jpg\"   title=\"Pasion argentina St Denis_cElio Lesouef-Cappella Mediterranea_DSC05366\"  loading=\"lazy\">\n                                <div class=\"description\"><\/div>\n                            <\/div>\n                                                    <div class=\"swiper-slide\">\n                                <img decoding=\"async\" src=\"https:\/\/cappellamediterranea.com\/wp-content\/uploads\/Pasion-argentina-St-Denis_cFrancois-de-Maleissye-Cappella-Mediterranea_DSC05987-scaled.jpg\"   title=\"Pasion argentina St Denis_cFranc\u0327ois de Maleissye-Cappella Mediterranea_DSC05987\"  loading=\"lazy\">\n                                <div class=\"description\"><\/div>\n                            <\/div>\n                                                    <div class=\"swiper-slide\">\n                                <img decoding=\"async\" src=\"https:\/\/cappellamediterranea.com\/wp-content\/uploads\/Pasion-argentina-St-Denis_cFrancois-de-Maleissye-Cappella-Mediterranea_DSC06243-scaled.jpg\"   title=\"Pasion argentina St Denis_cFranc\u0327ois de Maleissye-Cappella Mediterranea_DSC06243\"  loading=\"lazy\">\n                                <div class=\"description\"><\/div>\n                            <\/div>\n                                                    <div class=\"swiper-slide\">\n                                <img decoding=\"async\" src=\"https:\/\/cappellamediterranea.com\/wp-content\/uploads\/Pasion-argentina-St-Denis_cFrancois-de-Maleissye-Cappella-Mediterranea_DSC06114-scaled.jpg\"   title=\"Pasion argentina St Denis_cFranc\u0327ois de Maleissye-Cappella Mediterranea_DSC06114\"  loading=\"lazy\">\n                                <div class=\"description\"><\/div>\n                            <\/div>\n                                                    <div class=\"swiper-slide\">\n                                <img decoding=\"async\" src=\"https:\/\/cappellamediterranea.com\/wp-content\/uploads\/Pasion-argentina-St-Denis_cElio-Lesouef-Cappella-Mediterranea_DSC05247-scaled.jpg\"   title=\"Pasion argentina St Denis_cElio Lesouef-Cappella Mediterranea_DSC05247\"  loading=\"lazy\">\n                                <div class=\"description\"><\/div>\n                            <\/div>\n                                                    <div class=\"swiper-slide\">\n                                <img decoding=\"async\" src=\"https:\/\/cappellamediterranea.com\/wp-content\/uploads\/Pasion-argentina-St-Denis_cFrancois-de-Maleissye-Cappella-Mediterranea-scaled.jpg\"   title=\"Pasion argentina St Denis_cFranc\u0327ois de Maleissye-Cappella Mediterranea\"  loading=\"lazy\">\n                                <div class=\"description\"><\/div>\n                            <\/div>\n                                                    <div class=\"swiper-slide\">\n                                <img decoding=\"async\" src=\"https:\/\/cappellamediterranea.com\/wp-content\/uploads\/Pasion-argentina-St-Denis_cFrancois-de-Maleissye-Cappella-Mediterranea_DSC06358-2-scaled.jpg\"   title=\"Pasion argentina St Denis_cFranc\u0327ois de Maleissye-Cappella Mediterranea_DSC06358-2\"  loading=\"lazy\">\n                                <div class=\"description\"><\/div>\n                            <\/div>\n                                            <\/div>\n                <\/div>\n                <div class=\"navigation-galerie\">\n                    <div class=\"swiper-gallerie-button-prev\"><\/div>\n                    <div class=\"swiper-gallerie-button-next\"><\/div>\n                <\/div>\n            <\/section>\n                    <section class=\"galerie-image galerie-5\">\n\n                <div class=\"header-close\">\n                    <div class=\"btn-close\"><\/div>\n                <\/div>\n                <div class=\"swiper-gallerie galerie-image-5\" id=\"lg-swipper\">\n                    <div class=\"swiper-wrapper\">\n                                                    <div class=\"swiper-slide\">\n                                <img decoding=\"async\" src=\"https:\/\/cappellamediterranea.com\/wp-content\/uploads\/APS_L1190049-1-scaled.jpg\"   title=\"LEONARDO GARCIA ALARCON - CAPPELLA MEDITERANEA\"  loading=\"lazy\">\n                                <div class=\"description\"><\/div>\n                            <\/div>\n                                                    <div class=\"swiper-slide\">\n                                <img decoding=\"async\" src=\"https:\/\/cappellamediterranea.com\/wp-content\/uploads\/APS_IMG_3232-scaled.jpg\"   title=\"LEONARDO GARCIA ALARCON - CAPPELLA MEDITERANEA\"  loading=\"lazy\">\n                                <div class=\"description\"><\/div>\n                            <\/div>\n                                                    <div class=\"swiper-slide\">\n                                <img decoding=\"async\" src=\"https:\/\/cappellamediterranea.com\/wp-content\/uploads\/APS_L1190034-scaled.jpg\"   title=\"LEONARDO GARCIA ALARCON - CAPPELLA MEDITERANEA\"  loading=\"lazy\">\n                                <div class=\"description\"><\/div>\n                            <\/div>\n                                                    <div class=\"swiper-slide\">\n                                <img decoding=\"async\" src=\"https:\/\/cappellamediterranea.com\/wp-content\/uploads\/WhatsApp-Image-2023-11-28-at-16.53.53.jpeg\"   title=\"WhatsApp Image 2023-11-28 at 16.53.53\"  loading=\"lazy\">\n                                <div class=\"description\"><\/div>\n                            <\/div>\n                                            <\/div>\n                <\/div>\n                <div class=\"navigation-galerie\">\n                    <div class=\"swiper-gallerie-button-prev\"><\/div>\n                    <div class=\"swiper-gallerie-button-next\"><\/div>\n                <\/div>\n            <\/section>\n        \n\n\n<div class=\"wp-block-columns is-layout-flex wp-container-core-columns-is-layout-28f84493 wp-block-columns-is-layout-flex\">\n<div class=\"wp-block-column is-layout-flow wp-block-column-is-layout-flow\">\n<blockquote class=\"wp-block-quote has-text-align-center is-layout-flow wp-block-quote-is-layout-flow\">\n<p> <em>\u201cWith Leonardo Garc\u00eda-Alarc\u00f3n and Cappella Mediterranea, there is a phenomenal energy, a momentum that keeps us captivated right until the end.\u201d<\/em><\/p>\n<\/blockquote>\n\n\n\n<figure class=\"wp-block-image aligncenter size-full is-resized\"><img loading=\"lazy\" decoding=\"async\" width=\"220\" height=\"149\" src=\"https:\/\/cappellamediterranea.com\/wp-content\/uploads\/opera-magazineLR.png\" alt=\"\" class=\"wp-image-7218\" style=\"width:96px;height:65px\"\/><\/figure>\n<\/div>\n\n\n\n<div class=\"wp-block-column is-layout-flow wp-block-column-is-layout-flow\">\n<blockquote class=\"wp-block-quote has-text-align-center is-layout-flow wp-block-quote-is-layout-flow\">\n<p> &#8220;<em>In the pit, Cappella Mediterranea displays a magnetic sensuality. In this sumptuous setting, strings croon and woodwinds intertwine.<\/em>&#8220;<\/p>\n<\/blockquote>\n\n\n\n<figure class=\"wp-block-image aligncenter size-full is-resized\"><img loading=\"lazy\" decoding=\"async\" width=\"527\" height=\"122\" src=\"https:\/\/cappellamediterranea.com\/wp-content\/uploads\/Le_monde_lr.png\" alt=\"\" class=\"wp-image-7226\" style=\"width:213px;height:49px\" srcset=\"https:\/\/cappellamediterranea.com\/wp-content\/uploads\/Le_monde_lr.png 527w, https:\/\/cappellamediterranea.com\/wp-content\/uploads\/Le_monde_lr-300x69.png 300w\" sizes=\"auto, (max-width: 527px) 100vw, 527px\" \/><\/figure>\n<\/div>\n<\/div>\n\n\n\n<figure class=\"wp-block-image alignfull size-full\"><img loading=\"lazy\" decoding=\"async\" width=\"1920\" height=\"564\" src=\"https:\/\/cappellamediterranea.com\/wp-content\/uploads\/2019CappellaMediterranea_ChoeurDeChambreDeNamur_AlinePaley-1097.jpg\" alt=\"\" class=\"wp-image-8679\" srcset=\"https:\/\/cappellamediterranea.com\/wp-content\/uploads\/2019CappellaMediterranea_ChoeurDeChambreDeNamur_AlinePaley-1097.jpg 1920w, https:\/\/cappellamediterranea.com\/wp-content\/uploads\/2019CappellaMediterranea_ChoeurDeChambreDeNamur_AlinePaley-1097-300x88.jpg 300w, https:\/\/cappellamediterranea.com\/wp-content\/uploads\/2019CappellaMediterranea_ChoeurDeChambreDeNamur_AlinePaley-1097-1024x301.jpg 1024w, https:\/\/cappellamediterranea.com\/wp-content\/uploads\/2019CappellaMediterranea_ChoeurDeChambreDeNamur_AlinePaley-1097-768x226.jpg 768w, https:\/\/cappellamediterranea.com\/wp-content\/uploads\/2019CappellaMediterranea_ChoeurDeChambreDeNamur_AlinePaley-1097-1536x451.jpg 1536w\" sizes=\"auto, (max-width: 1920px) 100vw, 1920px\" \/><\/figure>\n\n\n\n<section class=\"container titre-secondaire\">\n    <h2 class=\"txt-center\">Our history<\/h2>\n    <\/section>\n\n\n    <section class=\"container slider-timeline\">\n        <div class=\"timeline-button-prev prev-timeline-init\"><\/div>\n\n\n        <div class=\"swiper-timeline\">\n            <div class=\"swiper-wrapper\">\n\n                \n                    <div class=\"swiper-slide\">\n                        <p class=\"annee\">2005<\/p>\n                        <div class=\"line\"><\/div>\n                        <p class=\"detail\">Ensemble formed by Leonardo Garc\u00eda-Alarc\u00f3n<\/p>\n                    <\/div>\n\n                \n                    <div class=\"swiper-slide\">\n                        <p class=\"annee\">2009<\/p>\n                        <div class=\"line\"><\/div>\n                        <p class=\"detail\">First recording breakthrough with the release of &#8216;Barbara Strozzi, virtuosissima compositrice&#8217;, which was lauded by critics.<\/p>\n                    <\/div>\n\n                \n                    <div class=\"swiper-slide\">\n                        <p class=\"annee\">2010<\/p>\n                        <div class=\"line\"><\/div>\n                        <p class=\"detail\">First major triumph with the unearthing of Michelangelo Falvetti&#8217;s oratorio, Il Diluvio Universale, at the Ambronay Festival.<\/p>\n                    <\/div>\n\n                \n                    <div class=\"swiper-slide\">\n                        <p class=\"annee\">2013<\/p>\n                        <div class=\"line\"><\/div>\n                        <p class=\"detail\">Francesco Cavalli\u2019s Elena at Festival d\u2019Aix-en-Provence.<\/p>\n                    <\/div>\n\n                \n                    <div class=\"swiper-slide\">\n                        <p class=\"annee\">2016<\/p>\n                        <div class=\"line\"><\/div>\n                        <p class=\"detail\">Ensemble&#8217;s debut at Paris Opera with Cavalli&#8217;s Eliogabalo.<\/p>\n                    <\/div>\n\n                \n                    <div class=\"swiper-slide\">\n                        <p class=\"annee\">2017<\/p>\n                        <div class=\"line\"><\/div>\n                        <p class=\"detail\">Cavalli\u2019s Il Giasone at the Grand Th\u00e9\u00e2tre de Gen\u00e8ve \u2013 South American tour.<\/p>\n                    <\/div>\n\n                \n                    <div class=\"swiper-slide\">\n                        <p class=\"annee\">2018<\/p>\n                        <div class=\"line\"><\/div>\n                        <p class=\"detail\">Residency at the Op\u00e9ra de Dijon with a production of Antonio Draghi\u2019s El Prometeo.<\/p>\n                    <\/div>\n\n                \n                    <div class=\"swiper-slide\">\n                        <p class=\"annee\">2019<\/p>\n                        <div class=\"line\"><\/div>\n                        <p class=\"detail\">Triumphant production of Jean-Philippe Rameau\u2019s Indes Galantes at Op\u00e9ra Bastille, staged by Cl\u00e9ment Cogitore and choreographed by Bintou Demb\u00e9l\u00e9.<\/p>\n                    <\/div>\n\n                \n                    <div class=\"swiper-slide\">\n                        <p class=\"annee\">2020<\/p>\n                        <div class=\"line\"><\/div>\n                        <p class=\"detail\">With the COVID-19 crisis, the ensemble increases its virtual performances, including Luigi Rossi\u2019s Il Palazzo incantato at the Op\u00e9ra de Dijon.<\/p>\n                    <\/div>\n\n                \n                    <div class=\"swiper-slide\">\n                        <p class=\"annee\">2022<\/p>\n                        <div class=\"line\"><\/div>\n                        <p class=\"detail\">Creation of La Passione di Ges\u00f9, Leonardo Garc\u00eda Alarc\u00f3n\u2019s first major composition.<\/p>\n                    <\/div>\n\n                \n                    <div class=\"swiper-slide\">\n                        <p class=\"annee\">2023<\/p>\n                        <div class=\"line\"><\/div>\n                        <p class=\"detail\">Creation of Draghi&#8217;s \u201cThe Gift of Eternal Life\u201d and a tour of \u201cThe Seven Deadly Sins\u201d at the Berlin Philharmonie and the Teatro Col\u00f3n. A Monteverdi tour in Canada. \r\n<\/p>\n                    <\/div>\n\n                \n                    <div class=\"swiper-slide\">\n                        <p class=\"annee\">2024<\/p>\n                        <div class=\"line\"><\/div>\n                        <p class=\"detail\">Opening of La Cit\u00e9 Bleue in Geneva. \u201cSt. John Passion,\u201d choreographed by Sasha Waltz, at the Salzburg Festival, the Op\u00e9ra de Dijon, and the Th\u00e9\u00e2tre des Champs-\u00c9lys\u00e9es. Monteverdi\u2019s \u201cIl ritorno d\u2019Ulisse in patria\u201d at the Festival d\u2019Aix-en-Provence.  <\/p>\n                    <\/div>\n\n                \n                    <div class=\"swiper-slide\">\n                        <p class=\"annee\">2025<\/p>\n                        <div class=\"line\"><\/div>\n                        <p class=\"detail\">Major international tour of \u201cL\u2019Incoronazione di Poppea\u201d and \u201cMonteverdi\u2019s Trilogy\u201d at La Monnaie in Brussels; creation of the choreographed concert and international tour of \u201cLes Indes Galantes \u2013 De la Voix des \u00e2mes\u201d; premiere at the Bayreuth Festival and concert tour of Cavalli\u2019s \u201cPompeo Magno.\u201d <\/p>\n                    <\/div>\n\n                            <\/div>\n        <\/div>\n        <div class=\"timeline-button-next next-timeline-init\"><\/div>\n    <\/section>\n\n\n\n\n<section class=\"container titre-secondaire\">\n    <h2 class=\"txt-center\">A year in numbers<\/h2>\n    <\/section>\n\n\n    <section class=\"container en-chiffre\">\n\n        \n            <div class=\"content\">\n                <p class=\"le-chiffre\">103<\/p>\n                <p class=\"detail\">Performances and concerts<\/p>\n            <\/div>\n\n        \n            <div class=\"content\">\n                <p class=\"le-chiffre\">3<\/p>\n                <p class=\"detail\">CD releases &amp; recordings<\/p>\n            <\/div>\n\n        \n            <div class=\"content\">\n                <p class=\"le-chiffre\">6<\/p>\n                <p class=\"detail\">Opera productions<\/p>\n            <\/div>\n\n        \n            <div class=\"content\">\n                <p class=\"le-chiffre\">18<\/p>\n                <p class=\"detail\">Concert programmes<\/p>\n            <\/div>\n\n        \n            <div class=\"content\">\n                <p class=\"le-chiffre\">12<\/p>\n                <p class=\"detail\">Countries <\/p>\n            <\/div>\n\n        \n            <div class=\"content\">\n                <p class=\"le-chiffre\">250<\/p>\n                <p class=\"detail\">Artists<\/p>\n            <\/div>\n\n        \n    <\/section>\n\n\n\n\n<section class=\"container titre-secondaire\">\n    <h2 class=\"txt-center\">Soloists<\/h2>\n    <\/section>\n\n\n<p class=\"has-text-align-center\" style=\"padding-right:var(--wp--preset--spacing--80);padding-bottom:var(--wp--preset--spacing--20);padding-left:var(--wp--preset--spacing--80)\"> Cappella Mediterranea&#8217;s regular soloists<\/p>\n\n\n\n<section class=\"container slider-opt\">\n\n    <div class=\"swiper-button-prev prev-btn-init\"><\/div>\n\n    <div class=\"slider-swiper\">\n        <div class=\"swiper-wrapper\">\n            \n                    <div class=\"swiper-slide flip\">\n                        <div class=\"content-flip\">\n\n                            <div class=\"recto\" style=\"background-image:url(https:\/\/cappellamediterranea.com\/wp-content\/uploads\/Mariana-Flores_Jean-Baptiste-Millot.jpg);\"><\/div>\n\n                            <div class=\"verso\">\n                                <div class=\"top\">\n                                    <h2>Mariana Flores<\/h2>\n\n                                                                            <p>Soprano<\/p>\n                                    \n                                <\/div>\n\n                                <div class=\"bottom\">\n                                                                            <a class=\"reseau-link rs\" href=\"https:\/\/www.facebook.com\/marianafloressoprano\"><span class=\"icon-facebook\"><\/span><\/a>\n                                    \n                                                                            <a class=\"reseau-link rs\" href=\"https:\/\/www.instagram.com\/marianaflores2021\/\"><span class=\"icon-instagram\"><\/span><\/a>\n                                    \n                                                                    <\/div>\n\n                            <\/div>\n\n                        <\/div>\n                    <\/div>\n\n                \n                    <div class=\"swiper-slide flip\">\n                        <div class=\"content-flip\">\n\n                            <div class=\"recto\" style=\"background-image:url(https:\/\/cappellamediterranea.com\/wp-content\/uploads\/Valerio-Contaldo_Sebastien-Pannelier.jpg);\"><\/div>\n\n                            <div class=\"verso\">\n                                <div class=\"top\">\n                                    <h2>Valerio Contaldo<\/h2>\n\n                                                                            <p>Tenor<\/p>\n                                    \n                                <\/div>\n\n                                <div class=\"bottom\">\n                                                                            <a class=\"reseau-link rs\" href=\"https:\/\/www.facebook.com\/Valerio.contaldo.tenor\"><span class=\"icon-facebook\"><\/span><\/a>\n                                    \n                                    \n                                                                    <\/div>\n\n                            <\/div>\n\n                        <\/div>\n                    <\/div>\n\n                \n                    <div class=\"swiper-slide flip\">\n                        <div class=\"content-flip\">\n\n                            <div class=\"recto\" style=\"background-image:url(https:\/\/cappellamediterranea.com\/wp-content\/uploads\/Giuseppina-Bridelli_cFrancois-de-Maleissye.jpg);\"><\/div>\n\n                            <div class=\"verso\">\n                                <div class=\"top\">\n                                    <h2>Giuseppina Bridelli<\/h2>\n\n                                                                            <p>Mezzo-soprano<\/p>\n                                    \n                                <\/div>\n\n                                <div class=\"bottom\">\n                                    \n                                    \n                                                                    <\/div>\n\n                            <\/div>\n\n                        <\/div>\n                    <\/div>\n\n                \n                    <div class=\"swiper-slide flip\">\n                        <div class=\"content-flip\">\n\n                            <div class=\"recto\" style=\"background-image:url(https:\/\/cappellamediterranea.com\/wp-content\/uploads\/Julie-Roset_cFrancois-de-Maleissye-e1695044350787.jpg);\"><\/div>\n\n                            <div class=\"verso\">\n                                <div class=\"top\">\n                                    <h2>Julie Roset<\/h2>\n\n                                                                            <p>Soprano<\/p>\n                                    \n                                <\/div>\n\n                                <div class=\"bottom\">\n                                                                            <a class=\"reseau-link rs\" href=\"https:\/\/www.facebook.com\/JulieRosetSoprano\"><span class=\"icon-facebook\"><\/span><\/a>\n                                    \n                                                                            <a class=\"reseau-link rs\" href=\"https:\/\/www.instagram.com\/juthyana\/\"><span class=\"icon-instagram\"><\/span><\/a>\n                                    \n                                                                    <\/div>\n\n                            <\/div>\n\n                        <\/div>\n                    <\/div>\n\n                \n                    <div class=\"swiper-slide flip\">\n                        <div class=\"content-flip\">\n\n                            <div class=\"recto\" style=\"background-image:url(https:\/\/cappellamediterranea.com\/wp-content\/uploads\/Alejandro-Meerapfel_cFrancois-de-Maleissye-2.jpg);\"><\/div>\n\n                            <div class=\"verso\">\n                                <div class=\"top\">\n                                    <h2>Alejandro Meerapfel<\/h2>\n\n                                                                            <p>Bass-baritone<\/p>\n                                    \n                                <\/div>\n\n                                <div class=\"bottom\">\n                                    \n                                    \n                                                                    <\/div>\n\n                            <\/div>\n\n                        <\/div>\n                    <\/div>\n\n                        <\/div>\n    <\/div>\n\n    <div class=\"swiper-button-next next-btn-init\"><\/div>\n\n\n<\/section>\n\n\n\n\n<section class=\"container titre-secondaire\">\n    <h2 class=\"txt-center\">Musicians<\/h2>\n    <\/section>\n\n\n<div class=\"wp-block-columns is-layout-flex wp-container-core-columns-is-layout-28f84493 wp-block-columns-is-layout-flex\">\n<div class=\"wp-block-column is-layout-flow wp-block-column-is-layout-flow\">\n<p class=\"has-text-align-center\" style=\"margin-right:0;margin-left:0;padding-right:15%;padding-left:15%\">Like all independent ensembles, Cappella Mediterranea\u2019s musicians are recruited on a project-by-project basis. Nevertheless, there are several musicians who form the heart and backbone of our orchestra, many of whom have been there from the start.<\/p>\n<\/div>\n<\/div>\n\n\n\n<section class=\"container slider-opt\">\n\n    <div class=\"swiper-button-prev prev-btn-init\"><\/div>\n\n    <div class=\"slider-swiper\">\n        <div class=\"swiper-wrapper\">\n            \n                    <div class=\"swiper-slide sp-active slide-artiste\" data-call-modal=\"quito1-2\">\n                        <h2>Quito Gato<\/h2>\n                        <div class=\"content\" style=\"background-image:url('https:\/\/cappellamediterranea.com\/wp-content\/uploads\/quito1.jpg');\"> <span class=\"txt\">Voir l&#8217;artiste <span><\/span><\/span><\/div>\n                    <\/div>\n\n                \n                    <div class=\"swiper-slide sp-active slide-artiste\" data-call-modal=\"moni1-2\">\n                        <h2>M\u00f3nica Pustilnik<\/h2>\n                        <div class=\"content\" style=\"background-image:url('https:\/\/cappellamediterranea.com\/wp-content\/uploads\/Moni1.jpg');\"> <span class=\"txt\">Voir l&#8217;artiste <span><\/span><\/span><\/div>\n                    <\/div>\n\n                \n                    <div class=\"swiper-slide sp-active slide-artiste\" data-call-modal=\"margaux1-2\">\n                        <h2>Margaux Blanchard<\/h2>\n                        <div class=\"content\" style=\"background-image:url('https:\/\/cappellamediterranea.com\/wp-content\/uploads\/margaux1.jpg');\"> <span class=\"txt\">Voir l&#8217;artiste <span><\/span><\/span><\/div>\n                    <\/div>\n\n                \n                    <div class=\"swiper-slide sp-active slide-artiste\" data-call-modal=\"amandine-2\">\n                        <h2>Amandine Solano<\/h2>\n                        <div class=\"content\" style=\"background-image:url('https:\/\/cappellamediterranea.com\/wp-content\/uploads\/Amandine.jpg');\"> <span class=\"txt\">Voir l&#8217;artiste <span><\/span><\/span><\/div>\n                    <\/div>\n\n                \n                    <div class=\"swiper-slide sp-active slide-artiste\" data-call-modal=\"ariel-2\">\n                        <h2>Ariel Rychter<\/h2>\n                        <div class=\"content\" style=\"background-image:url('https:\/\/cappellamediterranea.com\/wp-content\/uploads\/ariel.jpg');\"> <span class=\"txt\">Voir l&#8217;artiste <span><\/span><\/span><\/div>\n                    <\/div>\n\n                \n                    <div class=\"swiper-slide sp-active slide-artiste\" data-call-modal=\"jacopo1-2\">\n                        <h2>Jacopo Raffaele<\/h2>\n                        <div class=\"content\" style=\"background-image:url('https:\/\/cappellamediterranea.com\/wp-content\/uploads\/jacopo1.jpg');\"> <span class=\"txt\">Voir l&#8217;artiste <span><\/span><\/span><\/div>\n                    <\/div>\n\n                \n                    <div class=\"swiper-slide sp-active slide-artiste\" data-call-modal=\"laura1-2\">\n                        <h2>Laura Corolla<\/h2>\n                        <div class=\"content\" style=\"background-image:url('https:\/\/cappellamediterranea.com\/wp-content\/uploads\/laura1.jpg');\"> <span class=\"txt\">Voir l&#8217;artiste <span><\/span><\/span><\/div>\n                    <\/div>\n\n                \n                    <div class=\"swiper-slide sp-active slide-artiste\" data-call-modal=\"melanie flahaut portrait-2\">\n                        <h2>M\u00e9lanie Flahaut<\/h2>\n                        <div class=\"content\" style=\"background-image:url('https:\/\/cappellamediterranea.com\/wp-content\/uploads\/melanie_flahaut_portrait.jpg');\"> <span class=\"txt\">Voir l&#8217;artiste <span><\/span><\/span><\/div>\n                    <\/div>\n\n                \n                    <div class=\"swiper-slide sp-active slide-artiste\" data-call-modal=\"rodri1-2\">\n                        <h2>Rodrigo Calveyra<\/h2>\n                        <div class=\"content\" style=\"background-image:url('https:\/\/cappellamediterranea.com\/wp-content\/uploads\/rodri1-e1695390557766.jpg');\"> <span class=\"txt\">Voir l&#8217;artiste <span><\/span><\/span><\/div>\n                    <\/div>\n\n                \n                    <div class=\"swiper-slide sp-active slide-artiste\" data-call-modal=\"likh1710131334-bloc8fr1h-ever 36-1-copie-2\">\n                        <h2>Marie van Rhijn<\/h2>\n                        <div class=\"content\" style=\"background-image:url('https:\/\/cappellamediterranea.com\/wp-content\/uploads\/likh1710131334-bloc8fr1h-ever_36-1-copie.jpg');\"> <span class=\"txt\">Voir l&#8217;artiste <span><\/span><\/span><\/div>\n                    <\/div>\n\n                        <\/div>\n    <\/div>\n\n    <div class=\"swiper-button-next next-btn-init\"><\/div>\n\n\n<\/section>\n\n\n        <div class=\"modal-externe modal\" style=\"visibility: hidden;\" data-modal=\"quito1-2\">\n            <div class=\"content-modal\">\n                <span class=\"icon-close\"><\/span>\n                <div class=\"left\">\n                    <div class=\"img-artiste\" style=\"background-image:url(https:\/\/cappellamediterranea.com\/wp-content\/uploads\/quito1.jpg);\"><\/div>\n                    <h2>Quito Gato<\/h2>\n                <\/div>\n\n                <div class=\"right\">\n                                            <p class=\"fonction\">Th\u00e9orbe &#8211; Archiluth &#8211; Baroque guitar &#8211; Arrangements<\/p>\n                    \n                                            <p><p>Born in Buenos Aires, Argentina, Quito Gato studied piano and guitar, as well as conducting, composition, the recorder and percussion, first in his home country, then in Santiago de Chile, Brasilia, Curitiba and Boston. From 1992 onwards, he studied early music under the guidance of Hopkinson Smith and Eduardo Eg\u00fcez. Since then, he has performed as a director, soloist, and member of various ensembles He is one of the founding members of Cappella Mediterranea.<\/p>\n<\/p>\n                    \n\n                                            <a class=\"reseau-link rs\" href=\"https:\/\/www.facebook.com\/profile.php?id=100057327803462\"><span class=\"icon-facebook\"><\/span><\/a>\n                    \n                                            <a class=\"reseau-link rs\" href=\"https:\/\/www.instagram.com\/quitogato\/\"><span class=\"icon-instagram\"><\/span><\/a>\n                    \n                                    <\/div>\n\n            <\/div>\n        <\/div>\n    \n        <div class=\"modal-externe modal\" style=\"visibility: hidden;\" data-modal=\"moni1-2\">\n            <div class=\"content-modal\">\n                <span class=\"icon-close\"><\/span>\n                <div class=\"left\">\n                    <div class=\"img-artiste\" style=\"background-image:url(https:\/\/cappellamediterranea.com\/wp-content\/uploads\/Moni1.jpg);\"><\/div>\n                    <h2>M\u00f3nica Pustilnik<\/h2>\n                <\/div>\n\n                <div class=\"right\">\n                                            <p class=\"fonction\">Archiluth &#8211; Baroque guitar<\/p>\n                    \n                                            <p><p>After studying guitar and piano in Argentina, M\u00f3nica Pustilnik took up the lute and early music at the Schola Cantorum in Basel with Hopkinson Smith. She performs regularly as a soloist and chamber musician, and in opera and oratorio productions. She performs and records regularly with renowned ensembles such as Le Concert d&#8217;Astr\u00e9e, Les Musiciens du Louvre, Les Talens Lyriques, Les Arts Florissants and many others. Trained as a conductor, she has served as assistant musical director for numerous operas and has herself conducted Cavalli\u2019s <em>Elena <\/em>at the Op\u00e9ra de Nantes et Angers.<br \/>\nShe is a key figure in the continuo of Cappella Mediterranea.<\/p>\n<\/p>\n                    \n\n                    \n                                            <a class=\"reseau-link rs\" href=\"https:\/\/www.instagram.com\/pustilnikmonica\/\"><span class=\"icon-instagram\"><\/span><\/a>\n                    \n                                    <\/div>\n\n            <\/div>\n        <\/div>\n    \n        <div class=\"modal-externe modal\" style=\"visibility: hidden;\" data-modal=\"margaux1-2\">\n            <div class=\"content-modal\">\n                <span class=\"icon-close\"><\/span>\n                <div class=\"left\">\n                    <div class=\"img-artiste\" style=\"background-image:url(https:\/\/cappellamediterranea.com\/wp-content\/uploads\/margaux1.jpg);\"><\/div>\n                    <h2>Margaux Blanchard<\/h2>\n                <\/div>\n\n                <div class=\"right\">\n                                            <p class=\"fonction\">Viola da gamba<\/p>\n                    \n                                            <p><p>Viola da gamba artist Margaux Blanchard has been awarded several distinctions and is one of the youngest graduates of the Schola Cantorum in Basel, where she studied under Paolo Pandolf. She founded the Les Ombres ensemble in 2008. The year before, she met maestro al cembalo Leonardo Garc\u00eda Alarc\u00f3n. Since then, she has performed with him regularly as a duo and as part of Cappella Mediterranea.<\/p>\n<\/p>\n                    \n\n                                            <a class=\"reseau-link rs\" href=\"https:\/\/www.facebook.com\/lesombres\"><span class=\"icon-facebook\"><\/span><\/a>\n                    \n                                            <a class=\"reseau-link rs\" href=\"https:\/\/www.instagram.com\/margauxtutti\/\"><span class=\"icon-instagram\"><\/span><\/a>\n                    \n                                    <\/div>\n\n            <\/div>\n        <\/div>\n    \n        <div class=\"modal-externe modal\" style=\"visibility: hidden;\" data-modal=\"amandine-2\">\n            <div class=\"content-modal\">\n                <span class=\"icon-close\"><\/span>\n                <div class=\"left\">\n                    <div class=\"img-artiste\" style=\"background-image:url(https:\/\/cappellamediterranea.com\/wp-content\/uploads\/Amandine.jpg);\"><\/div>\n                    <h2>Amandine Solano<\/h2>\n                <\/div>\n\n                <div class=\"right\">\n                                            <p class=\"fonction\">Violin<\/p>\n                    \n                                            <p><p>Amandine Solano studied baroque violin and early music with Florence Malgoire at Geneva&#8217;s Haute Ecole de Musique. She has worked with ensembles such as Cappella Mediterranea, Gen\u00e8ve Baroque, Elyma, La Sinfonie Boh\u00e9mienne, Os Musicos de Capella, Clematis and Le Palais Royal, and regularly performs in chamber music concerts with Patrick Bismuth, Serge Saitta, Florence Malgoire, Gilles Thom\u00e9 and Maria Cristina Kiehr, just to name a few. She is also a founding member of the Le Petit Trianon ensemble, specializing in 18th and 19th century music.<br \/>\nAmandine plays on a 1777 violin by Aegidius Klotz.<\/p>\n<\/p>\n                    \n\n                    \n                    \n                                    <\/div>\n\n            <\/div>\n        <\/div>\n    \n        <div class=\"modal-externe modal\" style=\"visibility: hidden;\" data-modal=\"ariel-2\">\n            <div class=\"content-modal\">\n                <span class=\"icon-close\"><\/span>\n                <div class=\"left\">\n                    <div class=\"img-artiste\" style=\"background-image:url(https:\/\/cappellamediterranea.com\/wp-content\/uploads\/ariel.jpg);\"><\/div>\n                    <h2>Ariel Rychter<\/h2>\n                <\/div>\n\n                <div class=\"right\">\n                                            <p class=\"fonction\">Harpsichord &#8211; Organ<\/p>\n                    \n                                            <p><p>After graduating from Buenos Aires&#8217; Conservatorio Superi\u00f3r de M\u00fasica, Ariel Rychter went on to study early music in France and Switzerland at the Haute Ecole de Musique de Gen\u00e8ve, where he studied harpsichord and conducting in the &#8216;Maestro al Cembalo&#8217; class. He collaborates with Cappella Mediterranea, Clematis and Dolce Fortuna and founded the Chromos ensemble. He teaches at Geneva&#8217;s Conservatoire de Musique, training young students to assimilate the aesthetic features of early music.<\/p>\n<\/p>\n                    \n\n                    \n                    \n                                    <\/div>\n\n            <\/div>\n        <\/div>\n    \n        <div class=\"modal-externe modal\" style=\"visibility: hidden;\" data-modal=\"jacopo1-2\">\n            <div class=\"content-modal\">\n                <span class=\"icon-close\"><\/span>\n                <div class=\"left\">\n                    <div class=\"img-artiste\" style=\"background-image:url(https:\/\/cappellamediterranea.com\/wp-content\/uploads\/jacopo1.jpg);\"><\/div>\n                    <h2>Jacopo Raffaele<\/h2>\n                <\/div>\n\n                <div class=\"right\">\n                                            <p class=\"fonction\">Harpsichord &#8211; Organ<\/p>\n                    \n                                            <p><p>Born in Bari (Southern Italy) in 1988, Jacopo Raffaele is a composer, singer and multi-instrumentalist. After graduating in piano and harpsichord at the conservatory in his home town, he joined Leonardo Garc\u00eda Alarc\u00f3n&#8217;s Maestro al Cembalo class at the Haute \u00c9cole de Musique in Geneva, where he obtained his Master&#8217;s degree in 2015. Since 2016, he has played the harpsichord with Cappella Mediterranea in a number of opera productions (Festival d&#8217;Aix-en-Provence, Grand Th\u00e9\u00e2tre de Gen\u00e8ve, Op\u00e9ra de Paris, Op\u00e9ra de Dijon, tours of Europe and South America). As Leonardo Garc\u00eda Alarc\u00f3n&#8217;s assistant conductor, he sometimes conducts the ensemble.<\/p>\n<\/p>\n                    \n\n                                            <a class=\"reseau-link rs\" href=\"https:\/\/www.facebook.com\/il.baskerville.music\"><span class=\"icon-facebook\"><\/span><\/a>\n                    \n                                            <a class=\"reseau-link rs\" href=\"https:\/\/www.instagram.com\/il_baskerville\/\"><span class=\"icon-instagram\"><\/span><\/a>\n                    \n                                    <\/div>\n\n            <\/div>\n        <\/div>\n    \n        <div class=\"modal-externe modal\" style=\"visibility: hidden;\" data-modal=\"laura1-2\">\n            <div class=\"content-modal\">\n                <span class=\"icon-close\"><\/span>\n                <div class=\"left\">\n                    <div class=\"img-artiste\" style=\"background-image:url(https:\/\/cappellamediterranea.com\/wp-content\/uploads\/laura1.jpg);\"><\/div>\n                    <h2>Laura Corolla<\/h2>\n                <\/div>\n\n                <div class=\"right\">\n                                            <p class=\"fonction\">Violin<\/p>\n                    \n                    \n\n                    \n                    \n                                    <\/div>\n\n            <\/div>\n        <\/div>\n    \n        <div class=\"modal-externe modal\" style=\"visibility: hidden;\" data-modal=\"melanie flahaut portrait-2\">\n            <div class=\"content-modal\">\n                <span class=\"icon-close\"><\/span>\n                <div class=\"left\">\n                    <div class=\"img-artiste\" style=\"background-image:url(https:\/\/cappellamediterranea.com\/wp-content\/uploads\/melanie_flahaut_portrait.jpg);\"><\/div>\n                    <h2>M\u00e9lanie Flahaut<\/h2>\n                <\/div>\n\n                <div class=\"right\">\n                                            <p class=\"fonction\">Bassoon<\/p>\n                    \n                    \n\n                    \n                    \n                                    <\/div>\n\n            <\/div>\n        <\/div>\n    \n        <div class=\"modal-externe modal\" style=\"visibility: hidden;\" data-modal=\"rodri1-2\">\n            <div class=\"content-modal\">\n                <span class=\"icon-close\"><\/span>\n                <div class=\"left\">\n                    <div class=\"img-artiste\" style=\"background-image:url(https:\/\/cappellamediterranea.com\/wp-content\/uploads\/rodri1-e1695390557766.jpg);\"><\/div>\n                    <h2>Rodrigo Calveyra<\/h2>\n                <\/div>\n\n                <div class=\"right\">\n                                            <p class=\"fonction\">Cornett &#8211; flute<\/p>\n                    \n                    \n\n                    \n                    \n                                    <\/div>\n\n            <\/div>\n        <\/div>\n    \n        <div class=\"modal-externe modal\" style=\"visibility: hidden;\" data-modal=\"likh1710131334-bloc8fr1h-ever 36-1-copie-2\">\n            <div class=\"content-modal\">\n                <span class=\"icon-close\"><\/span>\n                <div class=\"left\">\n                    <div class=\"img-artiste\" style=\"background-image:url(https:\/\/cappellamediterranea.com\/wp-content\/uploads\/likh1710131334-bloc8fr1h-ever_36-1-copie.jpg);\"><\/div>\n                    <h2>Marie van Rhijn<\/h2>\n                <\/div>\n\n                <div class=\"right\">\n                                            <p class=\"fonction\">Harpsichord<\/p>\n                    \n                                            <p><p>From Calais, Marie van Rhijn went on to study in Paris with Ilton Wjuniski, Olivier Baumont, Blandine Rannou, Kenneth Weiss, No\u00eblle Spieth, and St\u00e9phane Fuget. After completing her master&#8217;s degrees at the Paris Conservatoire National Sup\u00e9rieur de Musique et de Danse and at the Sorbonne, she was selected by Handel House in London to be one of the young soloists of 2014. Marie van Rhijn was artist-in-residence from 2019 to 2021 at the Centre de Musique Baroque de Versailles. In Ambronay, Marie has already performed with various ensembles and served as a coach for the 2017 Academy. As an assistant conductor, she was hired by Cappella Mediterranea for Rameau\u2019s Les <em>Indes Galantes<\/em> in Geneva and subsequently for the 2025 tour of the choreographed concert.    <\/p>\n<\/p>\n                    \n\n                    \n                    \n                                    <\/div>\n\n            <\/div>\n        <\/div>\n    \n\n\n<div class=\"wp-block-columns is-layout-flex wp-container-core-columns-is-layout-28f84493 wp-block-columns-is-layout-flex\"><\/div>\n\n\n\n<section class=\"container titre-secondaire\">\n    <h2 class=\"txt-center halo\">Meet the team<\/h2>\n    <\/section>\n\n\n<section class=\"container slider-opt\">\n\n    <div class=\"swiper-button-prev prev-btn-init\"><\/div>\n\n    <div class=\"slider-swiper\">\n        <div class=\"swiper-wrapper\">\n            \n                    <div class=\"swiper-slide flip\">\n                        <div class=\"content-flip\">\n\n                            <div class=\"recto\" style=\"background-image:url(https:\/\/cappellamediterranea.com\/wp-content\/uploads\/Claire-1.jpg);\"><\/div>\n\n                            <div class=\"verso\">\n                                <div class=\"top\">\n                                    <h2>Claire Baudo<\/h2>\n\n                                                                            <p>Managing director<\/p>\n                                    \n                                <\/div>\n\n                                <div class=\"bottom\">\n                                    \n                                    \n                                                                    <\/div>\n\n                            <\/div>\n\n                        <\/div>\n                    <\/div>\n\n                \n                    <div class=\"swiper-slide flip\">\n                        <div class=\"content-flip\">\n\n                            <div class=\"recto\" style=\"background-image:url(https:\/\/cappellamediterranea.com\/wp-content\/uploads\/Cecile.jpg);\"><\/div>\n\n                            <div class=\"verso\">\n                                <div class=\"top\">\n                                    <h2>C\u00e9cile Delloye<\/h2>\n\n                                                                            <p>Head of development and cultural activities<\/p>\n                                    \n                                <\/div>\n\n                                <div class=\"bottom\">\n                                    \n                                    \n                                                                    <\/div>\n\n                            <\/div>\n\n                        <\/div>\n                    <\/div>\n\n                \n                    <div class=\"swiper-slide flip\">\n                        <div class=\"content-flip\">\n\n                            <div class=\"recto\" style=\"background-image:url(https:\/\/cappellamediterranea.com\/wp-content\/uploads\/Adeline.jpg);\"><\/div>\n\n                            <div class=\"verso\">\n                                <div class=\"top\">\n                                    <h2>Adeline Rahms<\/h2>\n\n                                                                            <p>Production manager<\/p>\n                                    \n                                <\/div>\n\n                                <div class=\"bottom\">\n                                    \n                                    \n                                                                    <\/div>\n\n                            <\/div>\n\n                        <\/div>\n                    <\/div>\n\n                \n                    <div class=\"swiper-slide flip\">\n                        <div class=\"content-flip\">\n\n                            <div class=\"recto\" style=\"background-image:url(https:\/\/cappellamediterranea.com\/wp-content\/uploads\/charlotte-e1720002036299.jpg);\"><\/div>\n\n                            <div class=\"verso\">\n                                <div class=\"top\">\n                                    <h2>Charlotte Blin<\/h2>\n\n                                                                            <p>Artistic coordinator<\/p>\n                                    \n                                <\/div>\n\n                                <div class=\"bottom\">\n                                    \n                                    \n                                                                    <\/div>\n\n                            <\/div>\n\n                        <\/div>\n                    <\/div>\n\n                \n                    <div class=\"swiper-slide flip\">\n                        <div class=\"content-flip\">\n\n                            <div class=\"recto\" style=\"background-image:url(https:\/\/cappellamediterranea.com\/wp-content\/uploads\/maud.jpg);\"><\/div>\n\n                            <div class=\"verso\">\n                                <div class=\"top\">\n                                    <h2>Maud Balizet<\/h2>\n\n                                                                            <p>Administrative and financial manager<\/p>\n                                    \n                                <\/div>\n\n                                <div class=\"bottom\">\n                                    \n                                    \n                                                                    <\/div>\n\n                            <\/div>\n\n                        <\/div>\n                    <\/div>\n\n                \n                    <div class=\"swiper-slide flip\">\n                        <div class=\"content-flip\">\n\n                            <div class=\"recto\" style=\"background-image:url(https:\/\/cappellamediterranea.com\/wp-content\/uploads\/manon-e1720007051208.jpg);\"><\/div>\n\n                            <div class=\"verso\">\n                                <div class=\"top\">\n                                    <h2>Manon Pidoux<\/h2>\n\n                                                                            <p>Production officer<\/p>\n                                    \n                                <\/div>\n\n                                <div class=\"bottom\">\n                                    \n                                    \n                                                                    <\/div>\n\n                            <\/div>\n\n                        <\/div>\n                    <\/div>\n\n                \n                    <div class=\"swiper-slide flip\">\n                        <div class=\"content-flip\">\n\n                            <div class=\"recto\" style=\"background-image:url(https:\/\/cappellamediterranea.com\/wp-content\/uploads\/Francois.jpg);\"><\/div>\n\n                            <div class=\"verso\">\n                                <div class=\"top\">\n                                    <h2>Fran\u00e7ois de Maleissye-Melun<\/h2>\n\n                                                                            <p>Communications manager<\/p>\n                                    \n                                <\/div>\n\n                                <div class=\"bottom\">\n                                    \n                                    \n                                                                    <\/div>\n\n                            <\/div>\n\n                        <\/div>\n                    <\/div>\n\n                \n                    <div class=\"swiper-slide flip\">\n                        <div class=\"content-flip\">\n\n                            <div class=\"recto\" style=\"background-image:url(https:\/\/cappellamediterranea.com\/wp-content\/uploads\/Fabian2.jpg);\"><\/div>\n\n                            <div class=\"verso\">\n                                <div class=\"top\">\n                                    <h2>Fabi\u00e1n Schofrin<\/h2>\n\n                                                                            <p>Music assistant<\/p>\n                                    \n                                <\/div>\n\n                                <div class=\"bottom\">\n                                    \n                                    \n                                                                    <\/div>\n\n                            <\/div>\n\n                        <\/div>\n                    <\/div>\n\n                \n                    <div class=\"swiper-slide flip\">\n                        <div class=\"content-flip\">\n\n                            <div class=\"recto\" style=\"background-image:url(https:\/\/cappellamediterranea.com\/wp-content\/uploads\/vavasseur.jpg);\"><\/div>\n\n                            <div class=\"verso\">\n                                <div class=\"top\">\n                                    <h2>J\u00e9r\u00f4me Vavasseur<\/h2>\n\n                                                                            <p>Librarian<\/p>\n                                    \n                                <\/div>\n\n                                <div class=\"bottom\">\n                                    \n                                    \n                                                                    <\/div>\n\n                            <\/div>\n\n                        <\/div>\n                    <\/div>\n\n                \n                    <div class=\"swiper-slide flip\">\n                        <div class=\"content-flip\">\n\n                            <div class=\"recto\" style=\"background-image:url(https:\/\/cappellamediterranea.com\/wp-content\/uploads\/pierre-e1742552756829.jpg);\"><\/div>\n\n                            <div class=\"verso\">\n                                <div class=\"top\">\n                                    <h2>Pierre Redoules<\/h2>\n\n                                                                            <p>Sponsorship and public relations officer<\/p>\n                                    \n                                <\/div>\n\n                                <div class=\"bottom\">\n                                    \n                                    \n                                                                    <\/div>\n\n                            <\/div>\n\n                        <\/div>\n                    <\/div>\n\n                        <\/div>\n    <\/div>\n\n    <div class=\"swiper-button-next next-btn-init\"><\/div>\n\n\n<\/section>\n\n\n\n\n\n<section class=\"container partenaires-telechargements \">\n\n    <div class=\"partenaires\">\n        <h2>Our partners<\/h2>\n        <div class=\"partenaires_content\">\n                            <div class=\"partenaire_item\" data-call-modal=\"opera-national-de-lorraine-2\">\n                    <img decoding=\"async\" loading=\"lazy\" width=\"720\" height=\"480\" src=\"https:\/\/cappellamediterranea.com\/wp-content\/uploads\/opera-national-de-lorraine.png\" alt=\"\">\n                <\/div>\n\n                <div class=\"modal\" style=\"visibility: hidden;\" data-modal=\"opera-national-de-lorraine-2\">\n                    <div class=\"content-modal col1\">\n                        <img decoding=\"async\" loading=\"lazy\" width=\"720\" height=\"480\" src=\"https:\/\/cappellamediterranea.com\/wp-content\/uploads\/opera-national-de-lorraine.png\" alt=\"\" title=\"opera-national-de-lorraine\" >\n                        <p><strong>Op\u00e9ra National de Lorraine<\/strong><\/p>\n<p>Long-standing partners, the Op\u00e9ra National de Lorraine has invited Cappella Mediterranea to perform Handel\u2019s <em>Alcina<\/em> in 2020, Luigi Rossi\u2019s <em>Il Palazzo incantato<\/em> in 2021, and numerous concerts and operas in concert version.<\/p>\n                        <span class=\"icon-close\"><\/span>\n                    <\/div>\n                <\/div>\n\n                            <div class=\"partenaire_item\" data-call-modal=\"maison-de-la-radio lr-2\">\n                    <img decoding=\"async\" loading=\"lazy\" width=\"120\" height=\"120\" src=\"https:\/\/cappellamediterranea.com\/wp-content\/uploads\/maison-de-la-radio_lr.png\" alt=\"\">\n                <\/div>\n\n                <div class=\"modal\" style=\"visibility: hidden;\" data-modal=\"maison-de-la-radio lr-2\">\n                    <div class=\"content-modal col1\">\n                        <img decoding=\"async\" loading=\"lazy\" width=\"120\" height=\"120\" src=\"https:\/\/cappellamediterranea.com\/wp-content\/uploads\/maison-de-la-radio_lr.png\" alt=\"\" title=\"maison de la radio_lr\" >\n                        <p><strong>Maison de la Radio &#8211; Radio France<\/strong><\/p>\n<p>Depuis quelques ann\u00e9es, Leonardo Garc\u00eda Alarc\u00f3n a nou\u00e9 des liens particuliers avec la Maison de la Radio et surtout son orchestre, le Philharmonique de Radio France. Invit\u00e9 \u00e0 plusieurs reprises \u00e0 le diriger dans des programmes vari\u00e9s, cela a souvent \u00e9t\u00e9 l&#8217;occasion de partenariat avec le continuo de Cappella Mediterranea, comme en 2023 avec le programme <a href=\"https:\/\/cappellamediterranea.com\/en\/production\/lga-bach-art-fugue\/\"><em>L&#8217;Art de la fugue<\/em><\/a>. En plus de ces fructueux \u00e9changes, Cappella Mediterranea est souvent invit\u00e9e \u00e0 se produire \u00e0 l&#8217;Auditorium de Radio-France, comme en 2021 pour de somptueuses <a href=\"https:\/\/cappellamediterranea.com\/production\/vespro-monteverdi\/\"><em>V\u00eapres<\/em> de Monteverdi<\/a>.<\/p>\n                        <span class=\"icon-close\"><\/span>\n                    <\/div>\n                <\/div>\n\n                            <div class=\"partenaire_item\" data-call-modal=\"onp-logo-2\">\n                    <img decoding=\"async\" loading=\"lazy\" width=\"508\" height=\"277\" src=\"https:\/\/cappellamediterranea.com\/wp-content\/uploads\/ONP-logo.png\" alt=\"\">\n                <\/div>\n\n                <div class=\"modal\" style=\"visibility: hidden;\" data-modal=\"onp-logo-2\">\n                    <div class=\"content-modal col1\">\n                        <img decoding=\"async\" loading=\"lazy\" width=\"508\" height=\"277\" src=\"https:\/\/cappellamediterranea.com\/wp-content\/uploads\/ONP-logo.png\" alt=\"\" title=\"ONP logo\" >\n                        <p><strong>Op\u00e9ra national de Paris<\/strong><\/p>\n<p>En 2016, l&#8217;ensemble Cappella Mediterranea fait ses d\u00e9buts \u00e0 l&#8217;Op\u00e9ra de Paris avec <a href=\"https:\/\/cappellamediterranea.com\/en\/production\/cavalli-eliogabalo\/\"><em>Eliogabalo<\/em> de Francesco Cavalli<\/a>, mis en sc\u00e8ne par Thomas Jolly, Salle Garnier. En 2019, l&#8217;ensemble y retourne, mais cette fois \u00e0 Bastille, avec le triomphe des <a href=\"https:\/\/cappellamediterranea.com\/production\/rameau-indes-galantes-paris\/\">Indes Galantes<\/a> de Jean-Philippe Rameau, mis en sc\u00e8ne de Cl\u00e9ment Cogitore et chor\u00e9graphie de Bintou Demb\u00e9l\u00e9.<\/p>\n                        <span class=\"icon-close\"><\/span>\n                    <\/div>\n                <\/div>\n\n                            <div class=\"partenaire_item\" data-call-modal=\"logo-festival-aix-2022-2\">\n                    <img decoding=\"async\" loading=\"lazy\" width=\"1250\" height=\"1250\" src=\"https:\/\/cappellamediterranea.com\/wp-content\/uploads\/Logo-festival-Aix-2022.png\" alt=\"\">\n                <\/div>\n\n                <div class=\"modal\" style=\"visibility: hidden;\" data-modal=\"logo-festival-aix-2022-2\">\n                    <div class=\"content-modal col1\">\n                        <img decoding=\"async\" loading=\"lazy\" width=\"1250\" height=\"1250\" src=\"https:\/\/cappellamediterranea.com\/wp-content\/uploads\/Logo-festival-Aix-2022.png\" alt=\"\" title=\"Logo festival Aix 2022\" >\n                        <p><strong>Festival d&#8217;Aix-en-Provence<\/strong><\/p>\n<p>Cappella Mediterranea est un ensemble habitu\u00e9 du Festival d&#8217;Aix-en-Provence, invit\u00e9 une premi\u00e8re fois en 2013 avec <a href=\"https:\/\/cappellamediterranea.com\/en\/production\/cavalli-elena\/\"><em>Elena<\/em><\/a> de Cavalli, il y jouera \u00e9galement <a href=\"https:\/\/cappellamediterranea.com\/en\/production\/cavalli-erismena\/\"><em>Erismena<\/em><\/a> en 2017 (du m\u00eame compositeur), et en 2022 <a href=\"https:\/\/cappellamediterranea.com\/production\/poppea\/\"><em>Le Couronnement de Popp\u00e9e<\/em><\/a> de Monteverdi, en plus des nombreux concerts et op\u00e9ras en versions de concert.<\/p>\n                        <span class=\"icon-close\"><\/span>\n                    <\/div>\n                <\/div>\n\n                            <div class=\"partenaire_item\" data-call-modal=\"cvs-2\">\n                    <img decoding=\"async\" loading=\"lazy\" width=\"3898\" height=\"924\" src=\"https:\/\/cappellamediterranea.com\/wp-content\/uploads\/cvs.png\" alt=\"\">\n                <\/div>\n\n                <div class=\"modal\" style=\"visibility: hidden;\" data-modal=\"cvs-2\">\n                    <div class=\"content-modal col1\">\n                        <img decoding=\"async\" loading=\"lazy\" width=\"3898\" height=\"924\" src=\"https:\/\/cappellamediterranea.com\/wp-content\/uploads\/cvs.png\" alt=\"\" title=\"cvs\" >\n                        <p><strong>Ch\u00e2teau de Versailles Spectacles<\/strong><\/p>\n<p>As a production company and programmer, Ch\u00e2teau de Versailles Spectacles has been a long-standing partner of Cappella Mediterranea, which has become a regular performer at the Roi Soleil\u2019s residence, whether at the Royal Opera for Sacrati\u2019s <em>La Finta Pazza<\/em> in 2019 or Monteverdi\u2019s <em>The Coronation of Poppea<\/em> in 2022, or at the Royal Chapel for <em>Draghi\u2019s The Gift of Eternal Life<\/em> in 2023.<\/p>\n                        <span class=\"icon-close\"><\/span>\n                    <\/div>\n                <\/div>\n\n                            <div class=\"partenaire_item\" data-call-modal=\"logo-fambronay-2\">\n                    <img decoding=\"async\" loading=\"lazy\" width=\"1280\" height=\"272\" src=\"https:\/\/cappellamediterranea.com\/wp-content\/uploads\/LOGO-fAmbronay.png\" alt=\"\">\n                <\/div>\n\n                <div class=\"modal\" style=\"visibility: hidden;\" data-modal=\"logo-fambronay-2\">\n                    <div class=\"content-modal col1\">\n                        <img decoding=\"async\" loading=\"lazy\" width=\"1280\" height=\"272\" src=\"https:\/\/cappellamediterranea.com\/wp-content\/uploads\/LOGO-fAmbronay.png\" alt=\"\" title=\"LOGO fAmbronay\" >\n                        <p><strong>Centre Culturel de Rencontre d&#8217;Ambronay<\/strong><\/p>\n<p>As the birthplace of the ensemble, Ambronay occupies a special place among Cappella Mediterranea&#8217;s partners. Leonardo Garc\u00eda Alarc\u00f3n and his ensemble are regulars at the Festival d&#8217;Ambronay and put on a concert at the Abbey every year. It was here that Leonardo Garc\u00eda Alarc\u00f3n&#8217;s first major composition, the oratorio <em>La Passione di Ges\u00f9<\/em> premiered.<\/p>\n                        <span class=\"icon-close\"><\/span>\n                    <\/div>\n                <\/div>\n\n                            <div class=\"partenaire_item\" data-call-modal=\"logo-gtg-2\">\n                    <img decoding=\"async\" loading=\"lazy\" width=\"1719\" height=\"1107\" src=\"https:\/\/cappellamediterranea.com\/wp-content\/uploads\/Logo-GTG.png\" alt=\"\">\n                <\/div>\n\n                <div class=\"modal\" style=\"visibility: hidden;\" data-modal=\"logo-gtg-2\">\n                    <div class=\"content-modal col1\">\n                        <img decoding=\"async\" loading=\"lazy\" width=\"1719\" height=\"1107\" src=\"https:\/\/cappellamediterranea.com\/wp-content\/uploads\/Logo-GTG.png\" alt=\"\" title=\"Logo GTG\" >\n                        <p><strong>Grand Th\u00e9\u00e2tre de Gen\u00e8ve<\/strong><\/p>\n<p>The Grand Th\u00e9\u00e2tre de Gen\u00e8ve is a privileged partner of Cappella Mediterranea, thanks to Leonardo Garc\u00eda Alarc\u00f3n&#8217;s desire to form ties with the local community. The ensemble has been invited to perform there on numerous occasions, including productions of Rameau&#8217;s <em>Les Indes Galantes<\/em> in 2019, and Lully&#8217;s <em>Atys<\/em> in 2022.<\/p>\n                        <span class=\"icon-close\"><\/span>\n                    <\/div>\n                <\/div>\n\n                            <div class=\"partenaire_item\" data-call-modal=\"od-logo-2\">\n                    <img decoding=\"async\" loading=\"lazy\" width=\"900\" height=\"600\" src=\"https:\/\/cappellamediterranea.com\/wp-content\/uploads\/OD-logo.png\" alt=\"\">\n                <\/div>\n\n                <div class=\"modal\" style=\"visibility: hidden;\" data-modal=\"od-logo-2\">\n                    <div class=\"content-modal col1\">\n                        <img decoding=\"async\" loading=\"lazy\" width=\"900\" height=\"600\" src=\"https:\/\/cappellamediterranea.com\/wp-content\/uploads\/OD-logo.png\" alt=\"\" title=\"OD logo\" >\n                        <p><strong>Op\u00e9ra de Dijon<\/strong><\/p>\n<p>From 2018 to 2020, Cappella Mediterranea is in residence at the Dijon Opera, where it is creating ambitious opera productions, notably <em>La Finta Pazza<\/em> in 2019 and <em>Il Palazzo incantato<\/em> in 2020.<\/p>\n                        <span class=\"icon-close\"><\/span>\n                    <\/div>\n                <\/div>\n\n                            <div class=\"partenaire_item\" data-call-modal=\"logo-alpha-2\">\n                    <img decoding=\"async\" loading=\"lazy\" width=\"480\" height=\"428\" src=\"https:\/\/cappellamediterranea.com\/wp-content\/uploads\/Logo-ALpha.png\" alt=\"\">\n                <\/div>\n\n                <div class=\"modal\" style=\"visibility: hidden;\" data-modal=\"logo-alpha-2\">\n                    <div class=\"content-modal col1\">\n                        <img decoding=\"async\" loading=\"lazy\" width=\"480\" height=\"428\" src=\"https:\/\/cappellamediterranea.com\/wp-content\/uploads\/Logo-ALpha.png\" alt=\"\" title=\"Logo ALpha\" >\n                        <p><strong>Alpha classics<\/strong><\/p>\n<p>Cappella Mediterranea has partnered with Alpha Classics to continue expanding its recording catalog.<\/p>\n                        <span class=\"icon-close\"><\/span>\n                    <\/div>\n                <\/div>\n\n                            <div class=\"partenaire_item\" data-call-modal=\"lcb lr-2\">\n                    <img decoding=\"async\" loading=\"lazy\" width=\"120\" height=\"120\" src=\"https:\/\/cappellamediterranea.com\/wp-content\/uploads\/lcb_lr.png\" alt=\"\">\n                <\/div>\n\n                <div class=\"modal\" style=\"visibility: hidden;\" data-modal=\"lcb lr-2\">\n                    <div class=\"content-modal col1\">\n                        <img decoding=\"async\" loading=\"lazy\" width=\"120\" height=\"120\" src=\"https:\/\/cappellamediterranea.com\/wp-content\/uploads\/lcb_lr.png\" alt=\"\" title=\"lcb_lr\" >\n                        <p><strong>La Cit\u00e9 Bleue<\/strong><\/p>\n<p>La Cit\u00e9 Bleue, a new concert hall in Geneva directed by Leonardo Garc\u00eda Alarc\u00f3n, is as a residence and key distribution partner of the Cappella Mediterranea ensemble.<\/p>\n<p><a href=\"https:\/\/lacitebleue.ch\/en\/accueil-english\/\">&gt;&gt; La Cit\u00e9 Bleue<\/a><\/p>\n                        <span class=\"icon-close\"><\/span>\n                    <\/div>\n                <\/div>\n\n                            <div class=\"partenaire_item\" data-call-modal=\"cavma lr-2\">\n                    <img decoding=\"async\" loading=\"lazy\" width=\"120\" height=\"120\" src=\"https:\/\/cappellamediterranea.com\/wp-content\/uploads\/cavma_lr.png\" alt=\"\">\n                <\/div>\n\n                <div class=\"modal\" style=\"visibility: hidden;\" data-modal=\"cavma lr-2\">\n                    <div class=\"content-modal col1\">\n                        <img decoding=\"async\" loading=\"lazy\" width=\"120\" height=\"120\" src=\"https:\/\/cappellamediterranea.com\/wp-content\/uploads\/cavma_lr.png\" alt=\"\" title=\"cav&#038;ma_lr\" >\n                        <p><strong>CAV&amp;MA<\/strong><\/p>\n<p>Le CAV&amp;MA, Centre d&#8217;Art Vocal &amp; de Musique Ancienne de Namur, est une r\u00e9sidence et un partenaire de diffusion crucial de l&#8217;ensemble Cappella Mediterranea.<\/p>\n<p><a href=\"https:\/\/www.cavema.be\/fr\">CA&amp;MA<\/a><\/p>\n<p>&nbsp;<\/p>\n                        <span class=\"icon-close\"><\/span>\n                    <\/div>\n                <\/div>\n\n                    <\/div>\n    <\/div>\n    \n    <div class=\"telechargements\">\n        <h2>Documents<\/h2>\n        <div class=\"telechargements_content\">\n                            <a href=\"https:\/\/cappellamediterranea.com\/wp-content\/uploads\/2024-11-BIO-Cappella-Mediterranea-FR-EN.pdf\" download=\"2024 11 BIO Cappella Mediterranea FR-EN\"  target=\"_blank\" class=\"telechargement_item\">\n                    <span>2024 11 BIO Cappella Mediterranea FR-EN<\/span>\n                    <span class=\"link-default link-download\"><\/span>\n                <\/a>\n                            <a href=\"https:\/\/cappellamediterranea.com\/wp-content\/uploads\/250512_RA_2024.pdf\" download=\"250512_RA_2024\"  target=\"_blank\" class=\"telechargement_item\">\n                    <span>250512_RA_2024<\/span>\n                    <span class=\"link-default link-download\"><\/span>\n                <\/a>\n                            <a href=\"https:\/\/cappellamediterranea.com\/wp-content\/uploads\/Photos-CM-HD-Grand-ensemble.zip\" download=\"Photos CM HD - Grand ensemble\"  target=\"_blank\" class=\"telechargement_item\">\n                    <span>Photos CM HD &#8211; Grand ensemble<\/span>\n                    <span class=\"link-default link-download\"><\/span>\n                <\/a>\n                            <a href=\"https:\/\/cappellamediterranea.com\/wp-content\/uploads\/Photos-CM-HD-Petit-ensemble.zip\" download=\"Photos CM HD - Petit ensemble\"  target=\"_blank\" class=\"telechargement_item\">\n                    <span>Photos CM HD &#8211; Petit ensemble<\/span>\n                    <span class=\"link-default link-download\"><\/span>\n                <\/a>\n                            <a href=\"https:\/\/cappellamediterranea.com\/wp-content\/uploads\/Bulletin-dadhesion-1er-semestre-2026-WEB.pdf\" download=\"Bulletin d'adhe\u0301sion - 1er semestre 2026 - WEB\"  target=\"_blank\" class=\"telechargement_item\">\n                    <span>Bulletin d&#8217;adhe\u0301sion &#8211; 1er semestre 2026 &#8211; WEB<\/span>\n                    <span class=\"link-default link-download\"><\/span>\n                <\/a>\n                            <a href=\"https:\/\/cappellamediterranea.com\/wp-content\/uploads\/DP_CM_20ans2_web.pdf\" download=\"DP_CM_20ans2_web\"  target=\"_blank\" class=\"telechargement_item\">\n                    <span>DP_CM_20ans2_web<\/span>\n                    <span class=\"link-default link-download\"><\/span>\n                <\/a>\n                    <\/div>\n    <\/div>\n<\/section>\n\n\n<div class=\"wp-block-columns is-layout-flex wp-container-core-columns-is-layout-28f84493 wp-block-columns-is-layout-flex\"><\/div>\n","protected":false},"excerpt":{"rendered":"\u201cWith Leonardo Garc\u00eda-Alarc\u00f3n and Cappella Mediterranea, there is a phenomenal energy, a momentum that keeps us captivated right until the end.\u201d &#8220;In the pit, Cappella Mediterranea displays a magnetic sensuality. In this sumptuous setting, strings croon and woodwinds intertwine.&#8220; Cappella Mediterranea&#8217;s regular soloists Like all independent ensembles, Cappella Mediterranea\u2019s musicians are recruited on a project-by-project [&hellip;]","protected":false},"author":1,"featured_media":0,"parent":0,"menu_order":0,"comment_status":"closed","ping_status":"closed","template":"","meta":{"_acf_changed":false,"footnotes":""},"class_list":["post-964","page","type-page","status-publish","hentry"],"acf":[],"_links":{"self":[{"href":"https:\/\/cappellamediterranea.com\/en\/wp-json\/wp\/v2\/pages\/964","targetHints":{"allow":["GET"]}}],"collection":[{"href":"https:\/\/cappellamediterranea.com\/en\/wp-json\/wp\/v2\/pages"}],"about":[{"href":"https:\/\/cappellamediterranea.com\/en\/wp-json\/wp\/v2\/types\/page"}],"author":[{"embeddable":true,"href":"https:\/\/cappellamediterranea.com\/en\/wp-json\/wp\/v2\/users\/1"}],"replies":[{"embeddable":true,"href":"https:\/\/cappellamediterranea.com\/en\/wp-json\/wp\/v2\/comments?post=964"}],"version-history":[{"count":3,"href":"https:\/\/cappellamediterranea.com\/en\/wp-json\/wp\/v2\/pages\/964\/revisions"}],"predecessor-version":[{"id":14433,"href":"https:\/\/cappellamediterranea.com\/en\/wp-json\/wp\/v2\/pages\/964\/revisions\/14433"}],"wp:attachment":[{"href":"https:\/\/cappellamediterranea.com\/en\/wp-json\/wp\/v2\/media?parent=964"}],"curies":[{"name":"wp","href":"https:\/\/api.w.org\/{rel}","templated":true}]}}